{"id":1194,"date":"2022-09-23T13:22:24","date_gmt":"2022-09-23T11:22:24","guid":{"rendered":"https:\/\/ecole.cmsmasters.net\/?page_id=1194"},"modified":"2026-03-24T14:50:31","modified_gmt":"2026-03-24T13:50:31","slug":"ecole","status":"publish","type":"page","link":"https:\/\/ecolestjean85160.fr\/index.php\/ecole\/","title":{"rendered":"Notre \u00c9cole"},"content":{"rendered":"<div id=\"cmsmasters_row_lgmst81xg7\" class=\"cmsmasters_row cmsmasters_color_scheme_default cmsmasters_row_top_default cmsmasters_row_bot_default cmsmasters_row_fullwidth\">\n<div class=\"cmsmasters_row_outer_parent\">\n<div class=\"cmsmasters_row_outer\">\n<div class=\"cmsmasters_row_inner cmsmasters_row_fullwidth cmsmasters_row_no_margin\">\n<div class=\"cmsmasters_row_margin\">\n<div id=\"cmsmasters_column_n7idelpru\" class=\"cmsmasters_column one_third\">\n<div class=\"cmsmasters_column_inner\"><div id=\"cmsmasters_heading_mkzxbrmd7e\" class=\"cmsmasters_heading_wrap cmsmasters_heading_align_left\">\n\t<h2 class=\"cmsmasters_heading\">Bienvenue \u00e0 l&rsquo;\u00e9cole Saint Jean !<\/h2>\n<\/div>\n<\/div><\/div>\n<div id=\"cmsmasters_column_us67id63d7\" class=\"cmsmasters_column two_third\">\n<div class=\"cmsmasters_column_inner\"><\/div><\/div>\n<\/div>\n<\/div>\n<\/div>\n<\/div>\n<\/div>\n<div id=\"cmsmasters_row_jwtakn2u1i\" class=\"cmsmasters_row cmsmasters_color_scheme_default cmsmasters_row_top_default cmsmasters_row_bot_default cmsmasters_row_fullwidth\">\n<div class=\"cmsmasters_row_outer_parent\">\n<div class=\"cmsmasters_row_outer\">\n<div class=\"cmsmasters_row_inner cmsmasters_row_fullwidth\">\n<div class=\"cmsmasters_row_margin\">\n<div id=\"cmsmasters_column_0sh6m3ir3\" class=\"cmsmasters_column one_half\">\n<div class=\"cmsmasters_column_inner\"><\/div><\/div>\n<div id=\"cmsmasters_column_54f2uubmd0\" class=\"cmsmasters_column one_half\">\n<div class=\"cmsmasters_column_inner\"><div id=\"cmsmasters_heading_dd0ty32mee\" class=\"cmsmasters_heading_wrap cmsmasters_heading_align_left\">\n\t<h2 class=\"cmsmasters_heading\">D\u00e9couvrez l&rsquo;\u00e9cole<\/h2>\n<\/div><div class=\"cmsmasters_img  cmsmasters_image_l\"><img decoding=\"async\" src=\"https:\/\/ecolestjean85160.fr\/wp-content\/uploads\/2019\/08\/cole-line-2.jpg\" \/><\/div>\n<div id=\"cmsmasters_divider_dqjd603e3f\" class=\"cl\"><\/div>\n<div class=\"cmsmasters_text\">\n<p><strong><span style=\"vertical-align: inherit;\">Bienvenue \u00e0 l\u2019Ecole Saint Jean<\/span><\/strong><span style=\"vertical-align: inherit;\"> ! Notre \u00e9cole est un \u00e9tablissement du r\u00e9seau de l\u2019Enseignement Catholique de Vend\u00e9e, sous contrat d\u2019association avec l\u2019Etat. Nous accueillons vos enfants de la petite section de maternelle jusqu&rsquo;au CM2, au sein de 10 classes, dans un environnement agr\u00e9able, pens\u00e9 pour favoriser les apprentissages et le bien-\u00eatre de chacun.<\/span><\/p>\n<p><span style=\"vertical-align: inherit;\">D\u00e9couvrez notre <\/span><strong><span style=\"vertical-align: inherit;\">\u00e9quipe p\u00e9dagogique<\/span><\/strong><span style=\"vertical-align: inherit;\"> et notre <\/span><strong><span style=\"vertical-align: inherit;\">projet d\u2019\u00e9tablissement<\/span><\/strong><span style=\"vertical-align: inherit;\"> qui est r\u00e9dig\u00e9 par l&rsquo;ensemble de notre communaut\u00e9 \u00e9ducative: enseignants, personnel, parents et cat\u00e9chistes.<\/span><\/p>\n<p><span style=\"vertical-align: inherit;\">Deux associations de parents (OGEC et APEL)\u00a0 permettent aux parents d\u2019\u00e9l\u00e8ves de s&rsquo;investir et de dynamiser sans cesse notre \u00e9cole pour la rendre accueillante et vivante.<\/span><\/p>\n<p><span style=\"vertical-align: inherit;\">Bonne visite !<\/span><\/p>\n<\/div>\n<\/div><\/div>\n<\/div>\n<\/div>\n<\/div>\n<\/div>\n<\/div>\n<div id=\"cmsmasters_row_24ws8n2zzn\" class=\"cmsmasters_row cmsmasters_color_scheme_default cmsmasters_row_top_default cmsmasters_row_bot_default cmsmasters_row_boxed\">\n<div class=\"cmsmasters_row_outer_parent\">\n<div class=\"cmsmasters_row_outer\">\n<div class=\"cmsmasters_row_inner\">\n<div class=\"cmsmasters_row_margin\">\n<div id=\"cmsmasters_column_pjozsdw23w\" class=\"cmsmasters_column one_first\">\n<div class=\"cmsmasters_column_inner\"><div id=\"cmsmasters_heading_i3i6gwl6n\" class=\"cmsmasters_heading_wrap cmsmasters_heading_align_center\">\n\t<h2 class=\"cmsmasters_heading\">L&rsquo;\u00e9quipe<\/h2>\n<\/div><div class=\"aligncenter\"><div class=\"cmsmasters_img  cmsmasters_image_c\"><img decoding=\"async\" src=\"https:\/\/ecolestjean85160.fr\/wp-content\/uploads\/2019\/08\/cole-line-3.jpg\" \/><\/div><\/div>\n<\/div><\/div>\n<\/div>\n<\/div>\n<\/div>\n<\/div>\n<\/div>\n<div id=\"cmsmasters_row_lc7i2i6lbi\" class=\"cmsmasters_row cmsmasters_color_scheme_default cmsmasters_row_top_default cmsmasters_row_bot_default cmsmasters_row_fullwidth\">\n<div class=\"cmsmasters_row_outer_parent\">\n<div class=\"cmsmasters_row_outer\">\n<div class=\"cmsmasters_row_inner cmsmasters_row_fullwidth\">\n<div class=\"cmsmasters_row_margin\">\n<div id=\"cmsmasters_column_d8xphh6wu\" class=\"cmsmasters_column one_first\">\n<div class=\"cmsmasters_column_inner\"><div class=\"cmsmasters_content_slider_wrap\" style=\"max-width:px;\"><div id=\"cmsmasters_slider_wpw3cvt2as\" class=\"cmsmasters_owl_slider owl-carousel cmsmasters_content_slider\" data-auto-play=\"false\" data-stop-on-hover=\"false\" data-rewind-nav=\"false\" data-slide-speed=\"600\" data-pagination-speed=\"600\" data-rewind-speed=\"1000\" data-transition-style=\"false\" data-pagination=\"false\" data-navigation=\"false\"><div class=\"cmsmasters_owl_slider_item cmsmasters_content_slider_item\"><img loading=\"lazy\" decoding=\"async\" width=\"1600\" height=\"1200\" src=\"https:\/\/ecolestjean85160.fr\/wp-content\/uploads\/2026\/03\/540000566_122125976024939636_1286448185826545376_n.jpg\" class=\"attachment-full size-full\" alt=\"\" srcset=\"https:\/\/ecolestjean85160.fr\/wp-content\/uploads\/2026\/03\/540000566_122125976024939636_1286448185826545376_n.jpg 1600w, https:\/\/ecolestjean85160.fr\/wp-content\/uploads\/2026\/03\/540000566_122125976024939636_1286448185826545376_n-300x225.jpg 300w, https:\/\/ecolestjean85160.fr\/wp-content\/uploads\/2026\/03\/540000566_122125976024939636_1286448185826545376_n-1024x768.jpg 1024w, https:\/\/ecolestjean85160.fr\/wp-content\/uploads\/2026\/03\/540000566_122125976024939636_1286448185826545376_n-768x576.jpg 768w, https:\/\/ecolestjean85160.fr\/wp-content\/uploads\/2026\/03\/540000566_122125976024939636_1286448185826545376_n-1536x1152.jpg 1536w, https:\/\/ecolestjean85160.fr\/wp-content\/uploads\/2026\/03\/540000566_122125976024939636_1286448185826545376_n-1160x870.jpg 1160w, https:\/\/ecolestjean85160.fr\/wp-content\/uploads\/2026\/03\/540000566_122125976024939636_1286448185826545376_n-860x645.jpg 860w, https:\/\/ecolestjean85160.fr\/wp-content\/uploads\/2026\/03\/540000566_122125976024939636_1286448185826545376_n-1320x990.jpg 1320w\" sizes=\"auto, (max-width: 1600px) 100vw, 1600px\" \/><\/div><\/div>\n<\/div>\n<div class=\"cmsmasters_text\">\n<p><span style=\"vertical-align: inherit;\"><span style=\"vertical-align: inherit;\">De gauche \u00e0 droite en d\u00e9butant par le <\/span><\/span>haut<\/p>\n<p><span style=\"vertical-align: inherit;\">Samantha KADI (ASEM), Evelyne PINEAU (MS-GS), Clarisse SIGURET (ASEM), Val\u00e9rie PICOT (ASEM)<\/span><\/p>\n<p><span style=\"vertical-align: inherit;\">Marine DENIAUD (CM1), Virginie Paris (ASEM), Laurence PREAULT (MS), Patricia TRICOIRE (CP-GS)<\/span><\/p>\n<p><span style=\"vertical-align: inherit;\">Anne-Marie PINEAU (ASEM), C\u00e9line BOULINEAU (CP-CE1), \u00a0Elodie TESSIER (PS), Nathalie RICHARD (CM1-CM2), Christelle CHEVRIER (CM1-CM2), H\u00e9l\u00e8ne MERCERON (CM2),\u00a0<\/span><\/p>\n<p><span style=\"vertical-align: inherit;\">Nad\u00e8ge BILLET (enseignante R.A.)<\/span><\/p>\n<\/div>\n<\/div><\/div>\n<div id=\"cmsmasters_column_zahdf8irb\" class=\"cmsmasters_column one_first\">\n<div class=\"cmsmasters_column_inner\"><\/div><\/div>\n<\/div>\n<\/div>\n<\/div>\n<\/div>\n<\/div>\n<div id=\"cmsmasters_row_pwiaev2je\" class=\"cmsmasters_row cmsmasters_color_scheme_default cmsmasters_row_top_default cmsmasters_row_bot_default cmsmasters_row_boxed\">\n<div class=\"cmsmasters_row_outer_parent\">\n<div class=\"cmsmasters_row_outer\">\n<div class=\"cmsmasters_row_inner\">\n<div class=\"cmsmasters_row_margin\">\n<div id=\"cmsmasters_column_82hkizw82h\" class=\"cmsmasters_column one_first\">\n<div class=\"cmsmasters_column_inner\"><div id=\"cmsmasters_heading_guarzobc2d\" class=\"cmsmasters_heading_wrap cmsmasters_heading_align_center\">\n\t<h2 class=\"cmsmasters_heading\">L&rsquo;enseignement Catholique de Vend\u00e9e<\/h2>\n<\/div><div class=\"aligncenter\"><div class=\"cmsmasters_img  cmsmasters_image_c\"><img decoding=\"async\" src=\"https:\/\/ecolestjean85160.fr\/wp-content\/uploads\/2019\/08\/cole-line-4.jpg\" \/><\/div><\/div>\n<\/div><\/div>\n<\/div>\n<\/div>\n<\/div>\n<\/div>\n<\/div>\n<div id=\"cmsmasters_row_g6l2cv3ts\" class=\"cmsmasters_row cmsmasters_color_scheme_default cmsmasters_row_top_default cmsmasters_row_bot_default cmsmasters_row_boxed\">\n<div class=\"cmsmasters_row_outer_parent\">\n<div class=\"cmsmasters_row_outer\">\n<div class=\"cmsmasters_row_inner\">\n<div class=\"cmsmasters_row_margin\">\n<div id=\"cmsmasters_column_ky7kup24r1\" class=\"cmsmasters_column one_first\">\n<div class=\"cmsmasters_column_inner\"><div class=\"cmsmasters_text\">\n<p class=\"cvGsUA direction-ltr align-start para-style-body\"><span class=\"OYPEnA text-decoration-none text-strikethrough-none\">Notre \u00e9cole est un \u00e9tablissement du r\u00e9seau de l&rsquo;Enseignement Catholique de Vend\u00e9e.\u00a0<\/span><\/p>\n<p>Notre projet \u00e9ducatif est \u00e9clair\u00e9 par les valeurs \u00e9vang\u00e9liques . Nous avons \u00e0 c\u0153ur d&rsquo;\u00e9veiller les enfants \u00e0 l&rsquo;int\u00e9riorit\u00e9 et leur proposons de rencontrer des t\u00e9moins de la foi dans une approche respectueuse des parcours de vie de chacun.<\/p>\n<p class=\"cvGsUA direction-ltr align-start para-style-body\"><span class=\"OYPEnA text-decoration-none text-strikethrough-none\">L\u2019\u00e9veil \u00e0 la foi (en maternelle et CP) ou la cat\u00e9ch\u00e8se (en CE et CM) est v\u00e9cu dans toutes les classes, assur\u00e9 par les enseignants et des cat\u00e9chistes b\u00e9n\u00e9voles.<\/span><\/p>\n<p class=\"cvGsUA direction-ltr align-start para-style-body\"><span class=\"OYPEnA text-decoration-none text-strikethrough-none\">Sur la Paroisse, une pr\u00e9paration aux sacrements et \u00e9tapes de la vie chr\u00e9tienne (bapt\u00eame, 1ere communion, profession de foi) est propos\u00e9e.\u00a0<\/span><span class=\"OYPEnA text-decoration-none text-strikethrough-none\">Les enfants sont accompagn\u00e9s par l\u2019Abb\u00e9 Valerry Wilson et Mme Carine Brichet, la\u00efque en mission eccl\u00e9siale pour des rencontres de pr\u00e9paration hors temps scolaire.<\/span><\/p>\n<p class=\"cvGsUA direction-ltr align-start para-style-body\"><span class=\"OYPEnA text-decoration-none text-strikethrough-none\">Pour tout renseignement: <\/span><\/p>\n<p class=\"cvGsUA direction-ltr align-start para-style-body\"><span class=\"OYPEnA text-decoration-none text-strikethrough-none\">Presbyt\u00e8re : 02 51 58 09 21<\/span><\/p>\n<p class=\"cvGsUA direction-ltr align-start para-style-body\"><span class=\"OYPEnA text-strikethrough-none text-decoration-underline\">carine.brichet@diocese85.com<\/span><\/p>\n<p>&nbsp;<\/p>\n<\/div>\n<\/div><\/div>\n<\/div>\n<\/div>\n<\/div>\n<\/div>\n<\/div>\n\n","protected":false},"excerpt":{"rendered":"","protected":false},"author":2,"featured_media":0,"parent":0,"menu_order":0,"comment_status":"closed","ping_status":"closed","template":"","meta":{"footnotes":""},"class_list":["post-1194","page","type-page","status-publish","hentry"],"_links":{"self":[{"href":"https:\/\/ecolestjean85160.fr\/index.php\/wp-json\/wp\/v2\/pages\/1194","targetHints":{"allow":["GET"]}}],"collection":[{"href":"https:\/\/ecolestjean85160.fr\/index.php\/wp-json\/wp\/v2\/pages"}],"about":[{"href":"https:\/\/ecolestjean85160.fr\/index.php\/wp-json\/wp\/v2\/types\/page"}],"author":[{"embeddable":true,"href":"https:\/\/ecolestjean85160.fr\/index.php\/wp-json\/wp\/v2\/users\/2"}],"replies":[{"embeddable":true,"href":"https:\/\/ecolestjean85160.fr\/index.php\/wp-json\/wp\/v2\/comments?post=1194"}],"version-history":[{"count":14,"href":"https:\/\/ecolestjean85160.fr\/index.php\/wp-json\/wp\/v2\/pages\/1194\/revisions"}],"predecessor-version":[{"id":5320,"href":"https:\/\/ecolestjean85160.fr\/index.php\/wp-json\/wp\/v2\/pages\/1194\/revisions\/5320"}],"wp:attachment":[{"href":"https:\/\/ecolestjean85160.fr\/index.php\/wp-json\/wp\/v2\/media?parent=1194"}],"curies":[{"name":"wp","href":"https:\/\/api.w.org\/{rel}","templated":true}]}}